{"id":1613,"date":"2013-05-20T10:25:48","date_gmt":"2013-05-20T08:25:48","guid":{"rendered":"http:\/\/www.sv-eberstadt.de\/?page_id=1613"},"modified":"2024-09-24T15:36:49","modified_gmt":"2024-09-24T13:36:49","slug":"2-herren-20132014","status":"publish","type":"page","link":"http:\/\/www.sv-eberstadt.de\/?page_id=1613","title":{"rendered":"2. Herren 2013\/2014"},"content":{"rendered":"<p style=\"color: #0615f8;\"><a href=\"http:\/\/httv.click-tt.de\/cgi-bin\/WebObjects\/ClickSWTTV.woa\/wa\/groupPage?championship=K42+13%2F14&amp;group=203335\">link zu click-TT<\/a><\/p>\n<p><!-- \t\t@page { margin: 2cm } \t\tP { margin-bottom: 0.21cm } --><\/p>\n<p><!-- P { margin-bottom: 0.21cm; } --><\/p>\n<p style=\"text-align: center;\"><span style=\"font-family: Arial,sans-serif;\"><span style=\"font-size: medium;\"><span style=\"text-decoration: underline;\"><strong>Saisonbericht 2013\/2014<\/strong><\/span><\/span><\/span><\/p>\n<p style=\"text-align: center;\"><span style=\"font-family: Arial,sans-serif;\"><span style=\"font-size: medium;\"><span style=\"font-size: small;\">oder <\/span><\/span><\/span><\/p>\n<p style=\"text-align: center;\">\u201e<span style=\"font-family: Arial,sans-serif;\"><span style=\"font-size: medium;\"><span style=\"font-size: small;\"><strong>Die fantastischen vier Titel<\/strong><\/span><span style=\"font-size: small;\">\u201c<\/span><\/span><\/span><\/p>\n<p><span style=\"font-family: Arial,sans-serif;\"><span style=\"font-size: small;\">Durch den Wechsel von Carsten Bischoff zum SV Eberstadt ru\u0308ckte Markus Reichert aus der erfolgreichen Aufstiegsmannschaft der Bezirksklasse Gr. 5 in unsere 2. Mannschaft in der 1. Kreisklasse Gr.1. Derart verst\u00e4rkt waren wir von Anfang an der absolute Favorit auf die Meisterschaft in der Saison 2013\/14.<\/span><\/span><\/p>\n<p><span style=\"font-family: Arial,sans-serif;\"><span style=\"font-size: small;\">Mit folgender Aufstellung nahmen wir das Projekt Aufstieg in Angriff:<\/span><\/span><\/p>\n<p><span style=\"font-family: Arial,sans-serif;\"><span style=\"font-size: small;\">1. J\u00f6rg Hengstberger<\/span><\/span><\/p>\n<p><span style=\"font-family: Arial,sans-serif;\"><span style=\"font-size: small;\">2. Markus Reichert<\/span><\/span><\/p>\n<p><span style=\"font-family: Arial,sans-serif;\"><span style=\"font-size: small;\">3. Uwe R\u00f6hl (MF)<\/span><\/span><\/p>\n<p><span style=\"font-family: Arial,sans-serif;\"><span style=\"font-size: small;\">4. Helmut Adel<\/span><\/span><\/p>\n<p><span style=\"font-family: Arial,sans-serif;\"><span style=\"font-size: small;\">5. Ju\u0308rgen Gisha<\/span><\/span><\/p>\n<p><span style=\"font-family: Arial,sans-serif;\"><span style=\"font-size: small;\">6. Uwe Heinisch<\/span><\/span><\/p>\n<p><span style=\"font-family: Arial,sans-serif;\"><span style=\"font-size: small;\">7. Alexander Genewikow<\/span><\/span><\/p>\n<p><span style=\"font-family: Arial,sans-serif;\"><span style=\"font-size: small;\">Erstmalig verst\u00e4rkt wurden wir in diesem Jahr durch unsere Damenersatzspielerinnen aus unserer 1. Damenmannschaft in der BOL: An Position 4 eingereiht: Sonja Uhrig, an Position 6 in der Hinrunde Chantal R\u00f6hl, in der Ru\u0308ckrunde Kerstin Schroll. Diese Verst\u00e4rkungen sollten sich im Saisonverlauf noch als wichtig erweisen. Im Verlauf der Saison sollten wir unserer Favoritenrolle gerecht werden. Sportliche Herausforderungen hatten wir lediglich in den Spielen zu meistern, in denen ein Spieler aus dem vorderen Paarkreuz fehlte. Der Start in die Saison verlief mit einem 9:2 gegen den Kreisligaabsteiger Gru\u0308n-Wei\u00df Darmstadt II sehr vielversprechend. Und so sollte das Ergebnis von 9:2 das knappste in der gesamten Hinrunde bleiben, wenn wir in Bestbesetzung antraten. Insgesamt hatten wir zwei enge Situationen durchzustehen. Am 3. Spieltag fehlte gegen den sp\u00e4teren Tabellenzweiten TTC Darmstadt III unsere Nummer 2 Markus Reichert. In einem engen Match behielten wir durch vier gewonnene Doppel mit 9:7 die Oberhand. Die zweite schwierige Situation hatten wir gegen den sp\u00e4teren Absteiger SG Arheilgen V zu u\u0308berstehen. Nach einer 7:2 Fu\u0308hrung nach der ersten Einzelrunde wurde es noch einmal eng, aber wir konnten mit 9:6 gewinnen. So beendeten wir die Hinrunde mit 20:0 Punkten. <\/span><\/span><\/p>\n<p><span style=\"font-family: Arial,sans-serif;\"><span style=\"font-size: small;\">Die Ru\u0308ckrunde lief dann wie ein hei\u00dfes Messer durch Butter: wiederum 20:0 Punkte, die Meisterschaft 5. Spieltage vor Ende der Saison klar gemacht. Es war fu\u0308r unsere eine Saison der Superlative: 40:0 Punkte, in der Einzelspielerstatistik die Spieler 1 mit J\u00f6rg Hengstberger (34:0), 2 mit Markus Reichert (25:3) und Nummer 5 mit Uwe R\u00f6hl (23:2). Au\u00dferdem stellten wir das beste Doppel mit Hengstberger\/Adel (18:1). Parallel dazu strebten wir ebenfalls dem Kreispokalsieg entgegen. Nach zwei 4:0 Siegen in den Vorrunden hatten wir die Kreispokalendrunde in Gro\u00df-Zimmern erreicht. Durch 2 umk\u00e4mpfte 4:1 Siege gegen KSG Georgenhausen II und TTC Schaafheim II sicherten wir uns auch den zweiten Titel der Saison.<\/span><\/span><\/p>\n<p><span style=\"font-family: Arial,sans-serif;\"><span style=\"font-size: small;\">Als n\u00e4chstes stand nun das Bezirkspokalfinale in Lorsch an. Nominell als Favorit angetreten taten wir uns extrem schwer. Gegen eine hochmotivierte Mannschaft des TV 1893 Lampertheim lagen wir bereits 1:3 zuru\u0308ck. Im Spiel unseres Spitzenspielers J\u00f6rg Hengstberger stand es im 5. Satz gegen den Topspieler des Gegners bereits 4:8. J\u00f6rg schaffte es aber noch das Spiel zu drehen und die Partie mit 11:9 im 5. Satz fu\u0308r uns zu entscheiden. Uwe R\u00f6hl und Markus Reichert machten dann den Sack zu. 4:3 fu\u0308r den SVE. Das war knapp. Das Endspiel konnten wir wiederum mit 4:3 gegen TuS Makkabi Frankfurt fu\u0308r uns entscheiden. Titel Nummer 3 war eingefahren. <\/span><\/span><\/p>\n<p><span style=\"font-family: Arial,sans-serif;\"><span style=\"font-size: small;\">Am 3. Mai 2014 stand nun der n\u00e4chste und letzte Saisonh\u00f6hepunkt an: das Hessenpokalfinale in Bad Arolsen. <\/span><\/span><\/p>\n<p><a href=\"http:\/\/www.sv-eberstadt.de\/wp-content\/uploads\/Fanblock.jpg\"><img loading=\"lazy\" decoding=\"async\" class=\"aligncenter size-full wp-image-1866\" title=\"Fanblock\" src=\"http:\/\/www.sv-eberstadt.de\/wp-content\/uploads\/Fanblock.jpg\" alt=\"\" width=\"700\" height=\"525\" srcset=\"http:\/\/www.sv-eberstadt.de\/wp-content\/uploads\/Fanblock.jpg 700w, http:\/\/www.sv-eberstadt.de\/wp-content\/uploads\/Fanblock-150x112.jpg 150w, http:\/\/www.sv-eberstadt.de\/wp-content\/uploads\/Fanblock-300x225.jpg 300w\" sizes=\"auto, (max-width: 700px) 100vw, 700px\" \/><\/a><\/p>\n<p><span style=\"font-family: Arial,sans-serif;\"><span style=\"font-size: small;\">Die Auslosung fu\u0308hrte uns gleich im Halbfinale gegen das st\u00e4rkste Team TuS Kriftel VII. Und es wurde die erwartete enge Kiste: 2:1 Fu\u0308hrung fu\u0308r uns, 2:3 Ru\u0308ckstand. Markus Reichert gleicht zum 3:3 aus. Unsere Nummer 3 Uwe R\u00f6hl musste zum Abschluss gegen die generische zwei an den Tisch. 1. Satz 2:11, 2. Satz 8:11\u2026.. wir waren mausetot. Uwe k\u00e4mpft sich zuru\u0308ck Satz Nummer 3 geht mit 11:5 an ihn. Satz Nummer 4: Uwe liegt 7:9 zuru\u0308ck, der Sargdeckel ist fast schon zu. Aber Uwe bei\u00dft sich in die Partie und l\u00e4sst keinen Punkt des Gegners mehr zu 11:9. Satz 5 sieht einen immer nerv\u00f6ser werdenden Gegner Martin Oehl. Uwe gewinnt 11:7. Yes, das Finale ist erreicht. Im Endspiel machten wir kurzen Prozess mit TTV Ebsdorfergrund: 4:0, 12:3 S\u00e4tze. Hessenpokalsieger. <\/span><\/span><\/p>\n<p><a href=\"http:\/\/www.sv-eberstadt.de\/wp-content\/uploads\/Hessenpokal.jpg\"><img loading=\"lazy\" decoding=\"async\" class=\"aligncenter size-full wp-image-1867\" title=\"Hessenpokal\" src=\"http:\/\/www.sv-eberstadt.de\/wp-content\/uploads\/Hessenpokal.jpg\" alt=\"\" width=\"700\" height=\"525\" srcset=\"http:\/\/www.sv-eberstadt.de\/wp-content\/uploads\/Hessenpokal.jpg 700w, http:\/\/www.sv-eberstadt.de\/wp-content\/uploads\/Hessenpokal-150x112.jpg 150w, http:\/\/www.sv-eberstadt.de\/wp-content\/uploads\/Hessenpokal-300x225.jpg 300w\" sizes=\"auto, (max-width: 700px) 100vw, 700px\" \/><\/a><\/p>\n<p><span style=\"font-family: Arial,sans-serif;\"><span style=\"font-size: small;\">Hessenpokalsieger, SVE. Ein toller Schlusspunkt unter eine fantastische Saison, die durch 4 Titel gekr\u00f6nt wurde. Wir freuen uns auf die neue Saison in der Kreisliga und bedanken uns bei allen Ersatzspielern, Fans und Unterstu\u0308tzern der zweiten Mannschaft.<\/span><\/span><\/p>\n<p style=\"text-align: center;\"><span style=\"font-family: Arial,sans-serif;\"><span style=\"font-size: large;\"><strong>MEISTER 2013\/2014<\/strong><\/span><\/span><\/p>\n<p><span style=\"font-family: Arial,sans-serif;\"><span style=\"font-size: small;\">Ja, wir \u00fcben uns in Bescheidenheit und haben hier fast keine Spielberichte eingestellt. Nun ist uns am 25.02.2014 aber der gro\u00dfe Wurf gelungen und dies ist ein paar Worte wert.<\/span><\/span><\/p>\n<p><span style=\"font-family: Arial,sans-serif;\"><span style=\"font-size: small;\">Nach einem 9:3 Sieg in Bessungen sind wir bereits 4 Spieltage vor Ende der Meisterschaftsrunde mit 32:0 Punkten uneinholbar an der Tabellenspitze und sind vorzeitig Meister der 1. Kreisklasse.<\/span><\/span><\/p>\n<p>\u201e<span style=\"font-family: Arial,sans-serif;\"><span style=\"font-size: small;\">Wir\u201c, das sind&#8230;&#8230;.<\/span><\/span><\/p>\n<p><a href=\"http:\/\/www.sv-eberstadt.de\/wp-content\/uploads\/IMG_6723.jpg\"><img loading=\"lazy\" decoding=\"async\" class=\"aligncenter size-full wp-image-1715\" title=\"IMG_6723\" src=\"http:\/\/www.sv-eberstadt.de\/wp-content\/uploads\/IMG_6723.jpg\" alt=\"\" width=\"700\" height=\"466\" srcset=\"http:\/\/www.sv-eberstadt.de\/wp-content\/uploads\/IMG_6723.jpg 700w, http:\/\/www.sv-eberstadt.de\/wp-content\/uploads\/IMG_6723-150x99.jpg 150w, http:\/\/www.sv-eberstadt.de\/wp-content\/uploads\/IMG_6723-300x199.jpg 300w\" sizes=\"auto, (max-width: 700px) 100vw, 700px\" \/><\/a><\/p>\n<p><!-- \t\t@page { margin: 2cm } \t\tP { margin-bottom: 0.21cm } --><\/p>\n<p style=\"text-align: center;\"><span style=\"font-family: Arial,sans-serif;\"><span style=\"font-size: small;\">Markus Reichert und Alexander Genewikow<\/span><\/span><\/p>\n<p style=\"text-align: center;\">\n<p style=\"text-align: center;\"><span style=\"font-family: Arial,sans-serif;\"><span style=\"font-size: small;\"><br \/>\n<\/span><\/span><\/p>\n<p style=\"text-align: center;\"><a href=\"http:\/\/www.sv-eberstadt.de\/wp-content\/uploads\/IMG_6739.jpg\"><img loading=\"lazy\" decoding=\"async\" class=\"aligncenter size-full wp-image-1716\" title=\"IMG_6739\" src=\"http:\/\/www.sv-eberstadt.de\/wp-content\/uploads\/IMG_6739.jpg\" alt=\"\" width=\"700\" height=\"466\" srcset=\"http:\/\/www.sv-eberstadt.de\/wp-content\/uploads\/IMG_6739.jpg 700w, http:\/\/www.sv-eberstadt.de\/wp-content\/uploads\/IMG_6739-150x99.jpg 150w, http:\/\/www.sv-eberstadt.de\/wp-content\/uploads\/IMG_6739-300x199.jpg 300w\" sizes=\"auto, (max-width: 700px) 100vw, 700px\" \/><\/a><\/p>\n<p style=\"text-align: center;\"><span style=\"font-family: Arial,sans-serif;\"><span style=\"font-size: small;\">J\u00f6rg Hengstberger und Helmut Adel<\/span><\/span><\/p>\n<p style=\"text-align: center;\">\n<p style=\"text-align: center;\"><span style=\"font-family: Arial,sans-serif;\"><span style=\"font-size: small;\"><br \/>\n<\/span><\/span><\/p>\n<p style=\"text-align: center;\"><a href=\"http:\/\/www.sv-eberstadt.de\/wp-content\/uploads\/IMG_6756.jpg\"><img loading=\"lazy\" decoding=\"async\" class=\"aligncenter size-full wp-image-1717\" title=\"IMG_6756\" src=\"http:\/\/www.sv-eberstadt.de\/wp-content\/uploads\/IMG_6756.jpg\" alt=\"\" width=\"700\" height=\"466\" srcset=\"http:\/\/www.sv-eberstadt.de\/wp-content\/uploads\/IMG_6756.jpg 700w, http:\/\/www.sv-eberstadt.de\/wp-content\/uploads\/IMG_6756-150x99.jpg 150w, http:\/\/www.sv-eberstadt.de\/wp-content\/uploads\/IMG_6756-300x199.jpg 300w\" sizes=\"auto, (max-width: 700px) 100vw, 700px\" \/><\/a><\/p>\n<p style=\"text-align: center;\"><span style=\"font-family: Arial,sans-serif;\"><span style=\"font-size: small;\">Uwe R\u00f6hl und J\u00fcrgen Gisha<\/span><\/span><\/p>\n<p style=\"text-align: center;\">\n<p style=\"text-align: center;\"><span style=\"font-family: Arial,sans-serif;\"><span style=\"font-size: small;\"><br \/>\n<\/span><\/span><\/p>\n<p style=\"text-align: center;\"><a href=\"http:\/\/www.sv-eberstadt.de\/wp-content\/uploads\/IMG_6771.jpg\"><img loading=\"lazy\" decoding=\"async\" class=\"aligncenter size-full wp-image-1718\" title=\"IMG_6771\" src=\"http:\/\/www.sv-eberstadt.de\/wp-content\/uploads\/IMG_6771.jpg\" alt=\"\" width=\"700\" height=\"466\" srcset=\"http:\/\/www.sv-eberstadt.de\/wp-content\/uploads\/IMG_6771.jpg 700w, http:\/\/www.sv-eberstadt.de\/wp-content\/uploads\/IMG_6771-150x99.jpg 150w, http:\/\/www.sv-eberstadt.de\/wp-content\/uploads\/IMG_6771-300x199.jpg 300w\" sizes=\"auto, (max-width: 700px) 100vw, 700px\" \/><\/a><\/p>\n<p style=\"text-align: center;\"><span style=\"font-family: Arial,sans-serif;\"><span style=\"font-size: small;\">Auch unser 1. Vorsitzender, Herr \u201eRalle\u201c Ralf Schwarzer schaute sich das Spiel mit Interesse an.<\/span><\/span><\/p>\n<p style=\"text-align: center;\">\n<p style=\"text-align: center;\"><span style=\"font-family: Arial,sans-serif;\"><span style=\"font-size: small;\"><br \/>\n<\/span><\/span><\/p>\n<p><span style=\"font-family: Arial,sans-serif;\"><span style=\"font-size: small;\">Zu dem Team geh\u00f6ren auch noch unser Uwe Heinisch sowie unsere \u201eErsatzleute\u201c Sonja Uhrig, Chantal R\u00f6hl und Kerstin Schroll. Danke an Euch, denn dass im Bedarfsfall immer starke Spieler und Spielerinnen bei uns einspringen, ist ein Grundstein des Erfolgs.<\/span><\/span><\/p>\n<p><a href=\"http:\/\/www.sv-eberstadt.de\/wp-content\/uploads\/IMG_6775.jpg\"><img loading=\"lazy\" decoding=\"async\" class=\"aligncenter size-full wp-image-1719\" title=\"IMG_6775\" src=\"http:\/\/www.sv-eberstadt.de\/wp-content\/uploads\/IMG_6775.jpg\" alt=\"\" width=\"700\" height=\"466\" srcset=\"http:\/\/www.sv-eberstadt.de\/wp-content\/uploads\/IMG_6775.jpg 700w, http:\/\/www.sv-eberstadt.de\/wp-content\/uploads\/IMG_6775-150x99.jpg 150w, http:\/\/www.sv-eberstadt.de\/wp-content\/uploads\/IMG_6775-300x199.jpg 300w\" sizes=\"auto, (max-width: 700px) 100vw, 700px\" \/><\/a><\/p>\n<p><!-- \t\t@page { margin: 2cm } \t\tP { margin-bottom: 0.21cm } --><a href=\"http:\/\/www.sv-eberstadt.de\/wp-content\/uploads\/IMG_6779.jpg\"><img loading=\"lazy\" decoding=\"async\" class=\"aligncenter size-full wp-image-1720\" title=\"IMG_6779\" src=\"http:\/\/www.sv-eberstadt.de\/wp-content\/uploads\/IMG_6779.jpg\" alt=\"\" width=\"700\" height=\"466\" srcset=\"http:\/\/www.sv-eberstadt.de\/wp-content\/uploads\/IMG_6779.jpg 700w, http:\/\/www.sv-eberstadt.de\/wp-content\/uploads\/IMG_6779-150x99.jpg 150w, http:\/\/www.sv-eberstadt.de\/wp-content\/uploads\/IMG_6779-300x199.jpg 300w\" sizes=\"auto, (max-width: 700px) 100vw, 700px\" \/><\/a><\/p>\n<p><!-- \t\t@page { margin: 2cm } \t\tP { margin-bottom: 0.21cm } --><span style=\"font-family: Arial,sans-serif;\"><span style=\"font-size: small;\">Nach Spielschluss wurde bei einem Bierchen ein wenig gefeiert und unsere Ges\u00e4nge hallten durch die Bessunger Sporthalle. Vielen Dank hier an die \u201eB\u00e4rchens\u201c f\u00fcr die schnell organisierte Bierspende und auch an Moni f\u00fcr die \u201eMeisterschaftsbrezeln\u201c. Nun beginnt das Schaulaufen und die noch folgenden Gegner k\u00f6nnen sich mit uns, dem <strong>MEISTER,<\/strong> messen.<\/span><\/span><\/p>\n<p><!-- \t\t@page { margin: 2cm } \t\tP { margin-bottom: 0.21cm } --><strong><span style=\"text-decoration: underline;\"> <\/span><\/strong><\/p>\n<p><strong><span style=\"text-decoration: underline;\"><span style=\"font-family: Arial,sans-serif;\"><span style=\"font-size: medium;\">27.08.2013 Gr\u00fcn-Wei\u00df Darmstadt II \u2013 SV Eberstadt II\t\t2:9<\/span><\/span><\/span><\/strong><\/p>\n<p><!-- \t\t@page { margin: 2cm } \t\tP { margin-bottom: 0.21cm } --><span style=\"font-family: Arial,sans-serif;\"><span style=\"font-size: medium;\">Eine gegen\u00fcber der Vorsaison nochmals verst\u00e4rkte zweite  Mannschaft des SV Eberstadt stellt sich in der Saison 2013\/14 der Herausforderung: Der Aufstieg in die Kreisliga muss gelingen.<\/span><\/span><\/p>\n<p><span style=\"font-family: Arial,sans-serif;\"><span style=\"font-size: medium;\">Nicht nur auf dem Papier stellt der SV Eberstadt mit dem \u201eR\u00fcckkehrer\u201c Markus Reichert das mit Abstand st\u00e4rkste Team der 1. Kreisklasse Gr. 1. Trotzdem wei\u00df man zu Saisonbeginn nie so genau wo man steht. Aus diesem Grund fieberten wir der 1. Partie der neuen Saison gegen den Kreisligaabsteiger Gr\u00fcn-Wei\u00df Darmstadt II entgegen.<\/span><\/span><\/p>\n<p><span style=\"font-family: Arial,sans-serif;\"><span style=\"font-size: medium;\">Wir das sind:<\/span><\/span><\/p>\n<ol>\n<li><span style=\"font-family: Arial,sans-serif;\"><span style=\"font-size: medium;\">J\u00f6rg \tHengstberger<\/span><\/span><\/li>\n<li><span style=\"font-family: Arial,sans-serif;\"><span style=\"font-size: medium;\">Markus \tReichert<\/span><\/span><\/li>\n<li><span style=\"font-family: Arial,sans-serif;\"><span style=\"font-size: medium;\">Uwe \tR\u00f6hl MF<\/span><\/span><\/li>\n<li><span style=\"font-family: Arial,sans-serif;\"><span style=\"font-size: medium;\">Helmut \tAdel<\/span><\/span><\/li>\n<li><span style=\"font-family: Arial,sans-serif;\"><span style=\"font-size: medium;\">J\u00fcrgen \tGisha<\/span><\/span><\/li>\n<li><span style=\"font-family: Arial,sans-serif;\"><span style=\"font-size: medium;\">Uwe \tHeinisch<\/span><\/span><\/li>\n<li><span style=\"font-family: Arial,sans-serif;\"><span style=\"font-size: medium;\">Alexander \tGenewikow<\/span><\/span><\/li>\n<\/ol>\n<p><span style=\"font-family: Arial,sans-serif;\"><span style=\"font-size: medium;\">Verst\u00e4rkt werden wir erstmals in dieser Saison durch unsere Damen Sonja Uhrig und Chantal R\u00f6hl. <\/span><\/span><\/p>\n<p><span style=\"font-family: Arial,sans-serif;\"><span style=\"font-size: medium;\">Am 27.08.2013 stieg nun das Spiel gegen die Gr\u00fcn-Wei\u00dfen. Wir spielten in unserer Aufstellung von 1.-5., lediglich Uwe Heinisch weilte in Urlaub und wurde durch Chantal R\u00f6hl ersetzt, was aufgrund des h\u00f6heren TTR-Wertes von Chantal dazu f\u00fchrte, dass J\u00fcrgen an Position 6 rutschte. <\/span><\/span><\/p>\n<p><span style=\"font-family: Arial,sans-serif;\"><span style=\"font-size: medium;\">Das Spiel begann mit den Doppeln: Klaar\/Piontek spielten gegen Reichert\/Chantal R\u00f6hl und Fiedler\/Hunsinger gegen Hengstberger\/Adler. Markus und Chantal lieferten dem starken Darmst\u00e4dter Doppel einen gro\u00dfen Kampf, in dem auch mehr als eine 4-Satz-Niederlage drin war. Unser Spitzendoppel gewann gewohnt souver\u00e4n mit 3:0-S\u00e4tzen.<\/span><\/span><\/p>\n<p><span style=\"font-family: Arial,sans-serif;\"><span style=\"font-size: medium;\">Unser Doppel Nummer 3 Uwe R\u00f6hl\/Gisha machte mit dem Pendant der Gastgeber Kr\u00e4mer\/Corba  kurzen Prozess. 3:0, alle S\u00e4tze zu 6. Die Rechnung ging auf wir f\u00fchrten mit 2:1 nach den Doppeln.<\/span><\/span><\/p>\n<p><span style=\"font-family: Arial,sans-serif;\"><span style=\"font-size: medium;\">Nun musste Markus gegen den starken Arnulf Klaar ran. Dieser k\u00e4mpfte sich nach klarerem 1. Satz in die Partie rein und konnte nach einem knapp verlorenen 2. Satz, den 3. mit 11:6 f\u00fcr sich entscheiden. Aber Markus hatte die passende Antwort parat und machte im 4. Satz mit wiederum 11:6 alles klar.<\/span><\/span><\/p>\n<p><span style=\"font-family: Arial,sans-serif;\"><span style=\"font-size: medium;\">J\u00f6rg startete gegen Michael Hunsinger und gewann relativ sicher mit 3:0. Damit war eine 4:1-F\u00fchrung sichergestellt.<\/span><\/span><\/p>\n<p><span style=\"font-family: Arial,sans-serif;\"><span style=\"font-size: medium;\">Nun war unsere starke Mitte an der Reihe. Helmut Adel startete gegen Dr. Ulrich Fiedler und schaukelte die Partie locker-flockig mit 3:0 nach Hause. Nun war unser Teamkapit\u00e4n Uwe R\u00f6hl an der Reihe, der Hans Piontek beim 3:0 keine Chance lie\u00df. Zwischenstand 6:1.<\/span><\/span><\/p>\n<p><span style=\"font-family: Arial,sans-serif;\"><span style=\"font-size: medium;\">Im 3. Paarkreuz spielte ein b\u00e4renstarker  J\u00fcrgen gegen einen v\u00f6llig indisponierten Michael Kr\u00e4mer, der in 3 S\u00e4tzen ganze 12 Punkte holte. Dann bekam es Chantal mit dem \u201eItalian Stallion\u201c Christian Corba zu tun. Es entwickelte sich eine dramatische Partie \u00fcber f\u00fcnf S\u00e4tze, die immer wieder hin und her wogte. Leider hatte die italienische Neuverpflichtung der Gr\u00fcn-Wei\u00dfen das bessere Ende f\u00fcr sich und siegte mit 3:2. Schade, Chantal.<\/span><\/span><\/p>\n<p><span style=\"font-family: Arial,sans-serif;\"><span style=\"font-size: medium;\">Die Darmst\u00e4dter konnten damit auf 7:2 verk\u00fcrzen.<\/span><\/span><\/p>\n<p><span style=\"font-family: Arial,sans-serif;\"><span style=\"font-size: medium;\">Nun war wiederum das \u201est\u00e4rkste vordere Paarkreuz der Liga\u201c an der Reihe. J\u00f6rg zitterte schon ein wenig vor dem Aufeinandertreffen mit Arnulf Klaar. Im Endeffekt entwickelte sich eine recht einseitige Partie, da Arnulf \u00fcber die gesamte Spieldauer nicht mit J\u00f6rgs gerollten Aufschl\u00e4gen mit den langen Noppen klar kam. J\u00f6rg gewann mit 3:0. Klaar gelangen lediglich 15 Punkte.<\/span><\/span><\/p>\n<p><span style=\"font-family: Arial,sans-serif;\"><span style=\"font-size: medium;\">Nun oblag es Markus den Sack zuzumachen.  Auch er lie\u00df nichts anbrennen. Nach leichten Startschwierigkeiten 3:0 gegen Michael Hunsinger.<\/span><\/span><\/p>\n<p><span style=\"font-family: Arial,sans-serif;\"><span style=\"font-size: medium;\">Damit waren die ersten beiden Punkte eingefahren und das gegen die nominell drittst\u00e4rkste Mannschaft der Liga. <\/span><\/span><\/p>\n<p><span style=\"font-family: Arial,sans-serif;\"><span style=\"font-size: medium;\">J\u00f6rg Hengstberger<\/span><\/span><\/p>\n","protected":false},"excerpt":{"rendered":"<p>link zu click-TT Saisonbericht 2013\/2014 oder \u201eDie fantastischen vier Titel\u201c Durch den Wechsel von Carsten Bischoff zum SV Eberstadt ru\u0308ckte Markus Reichert aus der erfolgreichen Aufstiegsmannschaft der Bezirksklasse Gr. 5 in unsere 2. Mannschaft in der 1. Kreisklasse Gr.1. Derart verst\u00e4rkt waren wir von Anfang an der absolute Favorit auf die Meisterschaft in der Saison [&hellip;]<\/p>\n","protected":false},"author":1,"featured_media":0,"parent":2270,"menu_order":0,"comment_status":"closed","ping_status":"closed","template":"","meta":{"ngg_post_thumbnail":0,"footnotes":""},"class_list":["post-1613","page","type-page","status-publish","hentry"],"_links":{"self":[{"href":"http:\/\/www.sv-eberstadt.de\/index.php?rest_route=\/wp\/v2\/pages\/1613","targetHints":{"allow":["GET"]}}],"collection":[{"href":"http:\/\/www.sv-eberstadt.de\/index.php?rest_route=\/wp\/v2\/pages"}],"about":[{"href":"http:\/\/www.sv-eberstadt.de\/index.php?rest_route=\/wp\/v2\/types\/page"}],"author":[{"embeddable":true,"href":"http:\/\/www.sv-eberstadt.de\/index.php?rest_route=\/wp\/v2\/users\/1"}],"replies":[{"embeddable":true,"href":"http:\/\/www.sv-eberstadt.de\/index.php?rest_route=%2Fwp%2Fv2%2Fcomments&post=1613"}],"version-history":[{"count":7,"href":"http:\/\/www.sv-eberstadt.de\/index.php?rest_route=\/wp\/v2\/pages\/1613\/revisions"}],"predecessor-version":[{"id":2267,"href":"http:\/\/www.sv-eberstadt.de\/index.php?rest_route=\/wp\/v2\/pages\/1613\/revisions\/2267"}],"up":[{"embeddable":true,"href":"http:\/\/www.sv-eberstadt.de\/index.php?rest_route=\/wp\/v2\/pages\/2270"}],"wp:attachment":[{"href":"http:\/\/www.sv-eberstadt.de\/index.php?rest_route=%2Fwp%2Fv2%2Fmedia&parent=1613"}],"curies":[{"name":"wp","href":"https:\/\/api.w.org\/{rel}","templated":true}]}}